{"id":38892,"date":"2024-06-28T09:28:47","date_gmt":"2024-06-28T07:28:47","guid":{"rendered":"https:\/\/bodenbusinesspark.com\/?post_type=tribe_events&#038;p=38892"},"modified":"2024-08-22T10:53:45","modified_gmt":"2024-08-22T08:53:45","slug":"anmalan-middag-pa-m-s-branna","status":"publish","type":"tribe_events","link":"https:\/\/bodenbusinesspark.com\/en\/event\/anmalan-middag-pa-m-s-branna\/","title":{"rendered":"Anm\u00e4lan: Middag p\u00e5 M\/S Br\u00e4nna"},"content":{"rendered":"<div  class=\"tribe-events-schedule tribe-clearfix\" >\n\t<p class=\"tribe-events-schedule__datetime\">\n\t\t<span class=\"tribe-events-schedule__date tribe-events-schedule__date--start\">\n\t\t\t2024-8-28\t\t<\/span>\n\n\t\t\t\t\t<span class=\"tribe-events-schedule__separator tribe-events-schedule__separator--date\">\n\t\t\t\t,\t\t\t<\/span>\n\t\t\t<span class=\"tribe-events-schedule__time tribe-events-schedule__time--start\">\n\t\t\t\t19.00\t\t\t<\/span>\n\t\t\n\t\t\t\t\t\t\t\t\t<span class=\"tribe-events-schedule__separator tribe-events-schedule__separator--time\">\n\t\t\t\t\t &#8211; \t\t\t\t<\/span>\n\t\t\t\n\t\t\t\t\t\t\t<span class=\"tribe-events-schedule__time tribe-events-schedule__time--end\">\n\t\t\t\t\t23.00\t\t\t\t<\/span>\n\t\t\t\n\t\t\t\t\t\t<\/p>\n<\/div>\n\n\n\n<p>V\u00e4nligen anm\u00e4l dig via formul\u00e4ret nedan.<\/p>\n\n\n\n<p>\u2b62 <span style=\"text-decoration: underline;\" class=\"ek-underline\"><a href=\"https:\/\/bodenbusinesspark.com\/wp-content\/uploads\/2024\/06\/load-up-north-meny-a4-1.pdf\" target=\"_blank\" aria-label=\"Klicka h\u00e4r f\u00f6r att se kv\u00e4llens meny! (opens in a new tab)\" rel=\"noreferrer noopener\" class=\"ek-link\">Klicka h\u00e4r f\u00f6r att se kv\u00e4llens meny!<\/a><\/span><\/p>\n\n\n\n<p><\/p>\n\n\n\n<p>Vi f\u00f6rmedlar din bokning vidare till restaurangen.<br>Beh\u00f6ver du avboka? Kontakta oss p\u00e5 <span style=\"text-decoration: underline;\" class=\"ek-underline\"><a href=\"mailto:info@bodenbusinesspark.se\" target=\"_blank\" aria-label=\"info@bodenbusinesspark.se (opens in a new tab)\" rel=\"noreferrer noopener\" class=\"ek-link\">info@bodenbusinesspark.se<\/a><\/span>.<\/p>\n\n\n\n<p>Vi ser fram emot att tr\u00e4ffa er!<br>\u2b62 <a aria-label=\"Mer information om M\/S Br\u00e4nna hittar du h\u00e4r! (opens in a new tab)\" href=\"https:\/\/www.msbranna.se\/\" target=\"_blank\" rel=\"noreferrer noopener\" class=\"ek-link\"><span style=\"text-decoration: underline;\" class=\"ek-underline\">Mer information om M\/S Br\u00e4nna hittar du h\u00e4r!<\/span><\/a><\/p>\n\n\n\n<p><em>Efter att du har anm\u00e4lt dig f\u00e5r du en bekr\u00e4ftelse via epost, det kan h\u00e4nda att den hamnar i skr\u00e4pposten.<\/em><\/p>\n\n\n\n<div class=\"rtec-outer-wrap\" data-rtec-time=\"1777660997\" data-rtec-atts=\"{&quot;event&quot;:38892,&quot;doing_shortcode&quot;:true}\">\n\t\n\t\n\t\n\t\n    <div id=\"rtec\" class=\"rtec rtec-form-35\" data-event=\"38892\">\n\n\t    \n    \n        <p class=\"rtec-success-message tribe-events-notices\">Anm\u00e4lan till detta evenemang \u00e4r st\u00e4ngd<\/p>\n        \n        \t<\/div>\n<\/div>\n\n\n\n<div  class=\"tribe-block tribe-block__event-price\" >\n\t\t<\/div>\n\n\n\n\n<div  class=\"tribe-block tribe-block__venue tribe-clearfix tribe-block__venue--has-map\" >\n\t\n\t\n<div class=\"tribe-block__venue__meta\">\n\t<div class=\"tribe-block__venue__name\">\n\t\t<h3><a href=\"https:\/\/bodenbusinesspark.com\/venue\/\" title=\"M\/S Br\u00e4nna\">M\/S Br\u00e4nna<\/a><\/h3>\n\t<\/div>\n\n\t\n\t\t\t\t\t\t<address class=\"tribe-block__venue__address\">\n\t\t\t\t<span class=\"tribe-address\">\n\n<span class=\"tribe-street-address\">\u00d6stra Strandv\u00e4gen 1<\/span>\n\t\n\t\t<br>\n\t\t<span class=\"tribe-locality\">Boden<\/span><span class=\"tribe-delimiter\">,<\/span>\n\n\n\t<span class=\"tribe-postal-code\">961 31<\/span>\n\n\n<\/span>\n\n\t\t\t\t\t\t\t\t\t<a class=\"tribe-events-gmap\" href=\"https:\/\/maps.google.com\/maps?f=q&#038;source=s_q&#038;hl=en&#038;geocode=&#038;q=%C3%96stra+Strandv%C3%A4gen+1+Boden+961+31\" title=\"Click to view a Google Map\" target=\"_blank\" rel=\"noreferrer noopener\">+ Google Map<\/a>\t\t\t\t\t\t\t<\/address>\n\t\t\n\t\t\n\t\t\t\t\t<span class=\"tribe-block__venue__website\"><a href=\"https:\/\/www.msbranna.se\/\" target=\"_self\" rel=\"external\">View Venue Website<\/a><\/span><br \/>\n\t\t\t\n\t<\/div>\n\t\n<div class=\"tribe-block__venue__map\">\n\t\n<iframe\n  title=\"Google maps iframe displaying the address to M\/S Br\u00e4nna\"\n  aria-label=\"Venue location map\"\n  width=\"310px\"\n  height=\"256px\"\n  frameborder=\"0\" style=\"border:0\"\n  src=\"https:\/\/www.google.com\/maps\/embed\/v1\/place?key=AIzaSyDNsicAsP6-VuGtAb1O9riI3oc_NOb7IOU&#038;q=%C3%96stra+Strandv%C3%A4gen+1+Boden+961+31+&#038;zoom=10\" allowfullscreen>\n<\/iframe>\n<\/div>\n\n\t<\/div>\n\n\n\n\n\t<div  class=\"tribe-block tribe-block__events-link\" >\n\t\t<div class=\"tribe-events tribe-common\">\n\t\t\t<div class=\"tribe-events-c-subscribe-dropdown__container\">\n\t\t\t\t<div class=\"tribe-events-c-subscribe-dropdown\">\n\t\t\t\t\t<div class=\"tribe-common-c-btn-border tribe-events-c-subscribe-dropdown__button\">\n\t\t\t\t\t\t<svg\n\t class=\"tribe-common-c-svgicon tribe-common-c-svgicon--cal-export tribe-events-c-subscribe-dropdown__export-icon\" \taria-hidden=\"true\"\n\tviewBox=\"0 0 23 17\"\n\txmlns=\"http:\/\/www.w3.org\/2000\/svg\"\n>\n\t<path fill-rule=\"evenodd\" clip-rule=\"evenodd\" d=\"M.128.896V16.13c0 .211.145.383.323.383h15.354c.179 0 .323-.172.323-.383V.896c0-.212-.144-.383-.323-.383H.451C.273.513.128.684.128.896Zm16 6.742h-.901V4.679H1.009v10.729h14.218v-3.336h.901V7.638ZM1.01 1.614h14.218v2.058H1.009V1.614Z\" \/>\n\t<path d=\"M20.5 9.846H8.312M18.524 6.953l2.89 2.909-2.855 2.855\" stroke-width=\"1.2\" stroke-linecap=\"round\" stroke-linejoin=\"round\"\/>\n<\/svg>\n\t\t\t\t\t\t<button\n\t\t\t\t\t\t\tclass=\"tribe-events-c-subscribe-dropdown__button-text\"\n\t\t\t\t\t\t\taria-expanded=\"false\"\n\t\t\t\t\t\t\taria-controls=\"tribe-events-subscribe-dropdown-content\"\n\t\t\t\t\t\t\taria-label=\"View links to add events to your calendar\"\n\t\t\t\t\t\t>\n\t\t\t\t\t\t\tAdd to calendar\t\t\t\t\t\t<\/button>\n\t\t\t\t\t\t<svg\n\t class=\"tribe-common-c-svgicon tribe-common-c-svgicon--caret-down tribe-events-c-subscribe-dropdown__button-icon\" \taria-hidden=\"true\"\n\tviewBox=\"0 0 10 7\"\n\txmlns=\"http:\/\/www.w3.org\/2000\/svg\"\n>\n\t<path fill-rule=\"evenodd\" clip-rule=\"evenodd\" d=\"M1.008.609L5 4.6 8.992.61l.958.958L5 6.517.05 1.566l.958-.958z\" class=\"tribe-common-c-svgicon__svg-fill\"\/>\n<\/svg>\n\t\t\t\t\t<\/div>\n\t\t\t\t\t<div id=\"tribe-events-subscribe-dropdown-content\" class=\"tribe-events-c-subscribe-dropdown__content\">\n\t\t\t\t\t\t<ul class=\"tribe-events-c-subscribe-dropdown__list\">\n\t\t\t\t\t\t\t\t\t\t\t\t\t\t\t<li class=\"tribe-events-c-subscribe-dropdown__list-item tribe-events-c-subscribe-dropdown__list-item--gcal\">\n\t\t\t\t\t\t\t\t\t<a\n\t\t\t\t\t\t\t\t\t\thref=\"https:\/\/www.google.com\/calendar\/event?action=TEMPLATE&#038;dates=20240828T190000\/20240828T230000&#038;text=Anm%C3%A4lan%3A%20Middag%20p%C3%A5%20M%2FS%20Br%C3%A4nna&#038;details=%3Cp%3EV%C3%A4nligen+anm%C3%A4l+dig+via+formul%C3%A4ret+nedan.%3C%2Fp%3E+%3Cp%3E%E2%AD%A2+%3Cspan+style%3D%22text-decoration%3A+underline%3B%22+class%3D%22ek-underline%22%3E%3Ca+href%3D%22https%3A%2F%2Fbodenbusinesspark.com%2Fwp-content%2Fuploads%2F2024%2F06%2Fload-up-north-meny-a4-1.pdf%22+target%3D%22_blank%22+aria-label%3D%22Klicka+h%C3%A4r+f%C3%B6r+att+se+kv%C3%A4llens+meny%21+%28opens+in+a+new+tab%29%22+rel%3D%22noreferrer+noopener%22+class%3D%22ek-link%22%3EKlicka+h%C3%A4r+f%C3%B6r+att+se+kv%C3%A4llens+meny%21%3C%2Fa%3E%3C%2Fspan%3E%3C%2Fp%3E+%3Cp%3E%3C%2Fp%3E+%3Cp%3EVi+f%C3%B6rmedlar+din+bokning+vidare+till+restaurangen.%3Cbr+%2F%3EBeh%C3%B6ver+du+avboka%3F+Kontakta+oss+p%C3%A5+%3Cspan+style%3D%22text-decoration%3A+underline%3B%22+class%3D%22ek-underline%22%3E%3Ca+href%3D%22mailto%3Ainfo%40bodenbusinesspark.se%22+target%3D%22_blank%22+aria-label%3D%22info%40bodenbusinesspark.se+%28opens+in+a+new+tab%29%22+rel%3D%22noreferrer+noopener%22+class%3D%22ek-link%22%3Einfo%40bodenbusinesspark.se%3C%2Fa%3E%3C%2Fspan%3E.%3C%2Fp%3E+%3Cp%3EVi+ser+fram+emot+att+tr%C3%A4ffa+er%21%3Cbr+%2F%3E%E2%AD%A2+%3Ca+aria-label%3D%22Mer+information+om+M%2FS+Br%C3%A4nna+hittar+du+h%C3%A4r%21+%28opens+in+a+new+tab%29%22+href%3D%22https%3A%2F%2Fwww.msbranna.se%2F%22+target%3D%22_blank%22+rel%3D%22noreferrer+noopener%22+clas%3C%2Fp%3E+%28View+Full+event+Description+Here%3A+https%3A%2F%2Fbodenbusinesspark.com%2Fen%2Fevent%2Fanmalan-middag-pa-m-s-branna%2F%29&#038;location=M\/S%20Br\u00e4nna,%20\u00d6stra%20Strandv\u00e4gen%201,%20Boden,%20961%2031&#038;trp=false&#038;ctz=Europe\/Stockholm&#038;sprop=website:https:\/\/bodenbusinesspark.com\/en\/\"\n\t\t\t\t\t\t\t\t\t\tclass=\"tribe-events-c-subscribe-dropdown__list-item-link\"\n\t\t\t\t\t\t\t\t\t\ttarget=\"_blank\"\n\t\t\t\t\t\t\t\t\t\trel=\"noopener noreferrer nofollow noindex\"\n\t\t\t\t\t\t\t\t\t>\n\t\t\t\t\t\t\t\t\t\tGoogle Calendar\t\t\t\t\t\t\t\t\t<\/a>\n\t\t\t\t\t\t\t\t<\/li>\n\t\t\t\t\t\t\t\t\t\t\t\t\t\t\t<li class=\"tribe-events-c-subscribe-dropdown__list-item tribe-events-c-subscribe-dropdown__list-item--ical\">\n\t\t\t\t\t\t\t\t\t<a\n\t\t\t\t\t\t\t\t\t\thref=\"\"\n\t\t\t\t\t\t\t\t\t\tclass=\"tribe-events-c-subscribe-dropdown__list-item-link\"\n\t\t\t\t\t\t\t\t\t\ttarget=\"_blank\"\n\t\t\t\t\t\t\t\t\t\trel=\"noopener noreferrer nofollow noindex\"\n\t\t\t\t\t\t\t\t\t>\n\t\t\t\t\t\t\t\t\t\tiCalendar\t\t\t\t\t\t\t\t\t<\/a>\n\t\t\t\t\t\t\t\t<\/li>\n\t\t\t\t\t\t\t\t\t\t\t\t\t\t\t<li class=\"tribe-events-c-subscribe-dropdown__list-item tribe-events-c-subscribe-dropdown__list-item--outlook-365\">\n\t\t\t\t\t\t\t\t\t<a\n\t\t\t\t\t\t\t\t\t\thref=\"\"\n\t\t\t\t\t\t\t\t\t\tclass=\"tribe-events-c-subscribe-dropdown__list-item-link\"\n\t\t\t\t\t\t\t\t\t\ttarget=\"_blank\"\n\t\t\t\t\t\t\t\t\t\trel=\"noopener noreferrer nofollow noindex\"\n\t\t\t\t\t\t\t\t\t>\n\t\t\t\t\t\t\t\t\t\tOutlook 365\t\t\t\t\t\t\t\t\t<\/a>\n\t\t\t\t\t\t\t\t<\/li>\n\t\t\t\t\t\t\t\t\t\t\t\t\t\t\t<li class=\"tribe-events-c-subscribe-dropdown__list-item tribe-events-c-subscribe-dropdown__list-item--outlook-live\">\n\t\t\t\t\t\t\t\t\t<a\n\t\t\t\t\t\t\t\t\t\thref=\"\"\n\t\t\t\t\t\t\t\t\t\tclass=\"tribe-events-c-subscribe-dropdown__list-item-link\"\n\t\t\t\t\t\t\t\t\t\ttarget=\"_blank\"\n\t\t\t\t\t\t\t\t\t\trel=\"noopener noreferrer nofollow noindex\"\n\t\t\t\t\t\t\t\t\t>\n\t\t\t\t\t\t\t\t\t\tOutlook Live\t\t\t\t\t\t\t\t\t<\/a>\n\t\t\t\t\t\t\t\t<\/li>\n\t\t\t\t\t\t\t\t\t\t\t\t\t<\/ul>\n\t\t\t\t\t<\/div>\n\t\t\t\t<\/div>\n\t\t\t<\/div>\n\t\t<\/div>\n\t<\/div>\n\n","protected":false},"excerpt":{"rendered":"<p>V\u00e4nligen anm\u00e4l dig via formul\u00e4ret nedan. \u2b62 Klicka h\u00e4r f\u00f6r att se kv\u00e4llens meny! Vi f\u00f6rmedlar din bokning vidare till restaurangen.Beh\u00f6ver du avboka? Kontakta oss p\u00e5 info@bodenbusinesspark.se. Vi ser fram [&hellip;]<\/p>\n","protected":false},"author":2,"featured_media":0,"template":"","meta":{"_tec_requires_first_save":false,"_editorskit_title_hidden":false,"_editorskit_reading_time":0,"_editorskit_is_block_options_detached":false,"_editorskit_block_options_position":"{}","_price":"","_stock":"","_tribe_ticket_header":"","_tribe_default_ticket_provider":"TEC\\Tickets\\Commerce\\Module","_tribe_ticket_capacity":"0","_ticket_start_date":"","_ticket_end_date":"","_tribe_ticket_show_description":"","_tribe_ticket_show_not_going":false,"_tribe_ticket_use_global_stock":"","_tribe_ticket_global_stock_level":"","_global_stock_mode":"","_global_stock_cap":"","_tribe_rsvp_for_event":"","_tribe_ticket_going_count":"","_tribe_ticket_not_going_count":"","_tribe_tickets_list":"[]","_tribe_ticket_has_attendee_info_fields":false,"_EventAllDay":false,"_EventTimezone":"Europe\/Stockholm","_EventStartDate":"2024-08-28 19:00:00","_EventEndDate":"2024-08-28 23:00:00","_EventStartDateUTC":"2024-08-28 17:00:00","_EventEndDateUTC":"2024-08-28 21:00:00","_EventShowMap":false,"_EventShowMapLink":false,"_EventURL":"","_EventCost":"","_EventCostDescription":"","_EventCurrencySymbol":"kr","_EventCurrencyCode":"SEK","_EventCurrencyPosition":"prefix","_EventDateTimeSeparator":",","_EventTimeRangeSeparator":" - ","_EventOrganizerID":[],"_EventVenueID":[38912],"_OrganizerEmail":"","_OrganizerPhone":"","_OrganizerWebsite":"","_VenueAddress":"","_VenueCity":"","_VenueCountry":"","_VenueProvince":"","_VenueState":"","_VenueZip":"","_VenuePhone":"","_VenueURL":"","_VenueStateProvince":"","_VenueLat":"","_VenueLng":"","_VenueShowMap":false,"_VenueShowMapLink":false,"_tribe_blocks_recurrence_rules":"","_tribe_blocks_recurrence_description":"","_tribe_blocks_recurrence_exclusions":"","_ecp_custom_2":"","_tribe_events_status":"","_tribe_events_status_reason":"","_tribe_events_is_hybrid":"","_tribe_events_is_virtual":"","_tribe_events_virtual_video_source":"","_tribe_events_virtual_embed_video":"","_tribe_events_virtual_linked_button_text":"","_tribe_events_virtual_linked_button":"","_tribe_events_virtual_show_embed_at":"","_tribe_events_virtual_show_embed_to":[],"_tribe_events_virtual_show_on_event":"","_tribe_events_virtual_show_on_views":"","_tribe_events_virtual_url":"","footnotes":"","_tec_slr_enabled":"","_tec_slr_layout":""},"tags":[],"tribe_events_cat":[],"class_list":["post-38892","tribe_events","type-tribe_events","status-publish","hentry"],"yoast_head":"<!-- This site is optimized with the Yoast SEO plugin v27.3 - https:\/\/yoast.com\/product\/yoast-seo-wordpress\/ -->\n<title>Anm\u00e4lan: Middag p\u00e5 M\/S Br\u00e4nna - Boden Business Park<\/title>\n<meta name=\"robots\" content=\"index, follow, max-snippet:-1, max-image-preview:large, max-video-preview:-1\" \/>\n<link rel=\"canonical\" href=\"https:\/\/bodenbusinesspark.com\/event\/anmalan-middag-pa-m-s-branna\/\" \/>\n<meta property=\"og:locale\" content=\"en_US\" \/>\n<meta property=\"og:type\" content=\"article\" \/>\n<meta property=\"og:title\" content=\"Anm\u00e4lan: Middag p\u00e5 M\/S Br\u00e4nna - Boden Business Park\" \/>\n<meta property=\"og:description\" content=\"V\u00e4nligen anm\u00e4l dig via formul\u00e4ret nedan. \u2b62 Klicka h\u00e4r f\u00f6r att se kv\u00e4llens meny! Vi f\u00f6rmedlar din bokning vidare till restaurangen.Beh\u00f6ver du avboka? Kontakta oss p\u00e5 info@bodenbusinesspark.se. Vi ser fram [&hellip;]\" \/>\n<meta property=\"og:url\" content=\"https:\/\/bodenbusinesspark.com\/event\/anmalan-middag-pa-m-s-branna\/\" \/>\n<meta property=\"og:site_name\" content=\"Boden Business Park\" \/>\n<meta property=\"article:publisher\" content=\"https:\/\/www.facebook.com\/bodenbusinesspark\" \/>\n<meta property=\"article:modified_time\" content=\"2024-08-22T08:53:45+00:00\" \/>\n<meta property=\"og:image\" content=\"https:\/\/bodenbusinesspark.com\/wp-content\/uploads\/2022\/11\/hyr-lokal.webp\" \/>\n\t<meta property=\"og:image:width\" content=\"1200\" \/>\n\t<meta property=\"og:image:height\" content=\"800\" \/>\n\t<meta property=\"og:image:type\" content=\"image\/webp\" \/>\n<meta name=\"twitter:card\" content=\"summary_large_image\" \/>\n<meta name=\"twitter:label1\" content=\"Est. reading time\" \/>\n\t<meta name=\"twitter:data1\" content=\"1 minute\" \/>\n<script type=\"application\/ld+json\" class=\"yoast-schema-graph\">{\"@context\":\"https:\\\/\\\/schema.org\",\"@graph\":[{\"@type\":\"WebPage\",\"@id\":\"https:\\\/\\\/bodenbusinesspark.com\\\/event\\\/anmalan-middag-pa-m-s-branna\\\/\",\"url\":\"https:\\\/\\\/bodenbusinesspark.com\\\/event\\\/anmalan-middag-pa-m-s-branna\\\/\",\"name\":\"Anm\u00e4lan: Middag p\u00e5 M\\\/S Br\u00e4nna - Boden Business Park\",\"isPartOf\":{\"@id\":\"https:\\\/\\\/bodenbusinesspark.com\\\/#website\"},\"datePublished\":\"2024-06-28T07:28:47+00:00\",\"dateModified\":\"2024-08-22T08:53:45+00:00\",\"breadcrumb\":{\"@id\":\"https:\\\/\\\/bodenbusinesspark.com\\\/event\\\/anmalan-middag-pa-m-s-branna\\\/#breadcrumb\"},\"inLanguage\":\"en-US\",\"potentialAction\":[{\"@type\":\"ReadAction\",\"target\":[\"https:\\\/\\\/bodenbusinesspark.com\\\/event\\\/anmalan-middag-pa-m-s-branna\\\/\"]}]},{\"@type\":\"BreadcrumbList\",\"@id\":\"https:\\\/\\\/bodenbusinesspark.com\\\/event\\\/anmalan-middag-pa-m-s-branna\\\/#breadcrumb\",\"itemListElement\":[{\"@type\":\"ListItem\",\"position\":1,\"name\":\"Events\",\"item\":\"https:\\\/\\\/bodenbusinesspark.com\\\/en\\\/event\\\/\"},{\"@type\":\"ListItem\",\"position\":2,\"name\":\"Anm\u00e4lan: Middag p\u00e5 M\\\/S Br\u00e4nna\"}]},{\"@type\":\"WebSite\",\"@id\":\"https:\\\/\\\/bodenbusinesspark.com\\\/#website\",\"url\":\"https:\\\/\\\/bodenbusinesspark.com\\\/\",\"name\":\"Boden Business Park\",\"description\":\"Vi \u00e4r m\u00f6jligg\u00f6rare\",\"publisher\":{\"@id\":\"https:\\\/\\\/bodenbusinesspark.com\\\/#organization\"},\"potentialAction\":[{\"@type\":\"SearchAction\",\"target\":{\"@type\":\"EntryPoint\",\"urlTemplate\":\"https:\\\/\\\/bodenbusinesspark.com\\\/?s={search_term_string}\"},\"query-input\":{\"@type\":\"PropertyValueSpecification\",\"valueRequired\":true,\"valueName\":\"search_term_string\"}}],\"inLanguage\":\"en-US\"},{\"@type\":\"Organization\",\"@id\":\"https:\\\/\\\/bodenbusinesspark.com\\\/#organization\",\"name\":\"Boden Business Park\",\"url\":\"https:\\\/\\\/bodenbusinesspark.com\\\/\",\"logo\":{\"@type\":\"ImageObject\",\"inLanguage\":\"en-US\",\"@id\":\"https:\\\/\\\/bodenbusinesspark.com\\\/#\\\/schema\\\/logo\\\/image\\\/\",\"url\":\"https:\\\/\\\/bodenbusinesspark.com\\\/wp-content\\\/uploads\\\/2022\\\/10\\\/bbp.png\",\"contentUrl\":\"https:\\\/\\\/bodenbusinesspark.com\\\/wp-content\\\/uploads\\\/2022\\\/10\\\/bbp.png\",\"width\":354,\"height\":136,\"caption\":\"Boden Business Park\"},\"image\":{\"@id\":\"https:\\\/\\\/bodenbusinesspark.com\\\/#\\\/schema\\\/logo\\\/image\\\/\"},\"sameAs\":[\"https:\\\/\\\/www.facebook.com\\\/bodenbusinesspark\",\"https:\\\/\\\/www.linkedin.com\\\/company\\\/boden-business-park\\\/\"]}]}<\/script>\n<!-- \/ Yoast SEO plugin. -->","yoast_head_json":{"title":"Anm\u00e4lan: Middag p\u00e5 M\/S Br\u00e4nna - Boden Business Park","robots":{"index":"index","follow":"follow","max-snippet":"max-snippet:-1","max-image-preview":"max-image-preview:large","max-video-preview":"max-video-preview:-1"},"canonical":"https:\/\/bodenbusinesspark.com\/event\/anmalan-middag-pa-m-s-branna\/","og_locale":"en_US","og_type":"article","og_title":"Anm\u00e4lan: Middag p\u00e5 M\/S Br\u00e4nna - Boden Business Park","og_description":"V\u00e4nligen anm\u00e4l dig via formul\u00e4ret nedan. \u2b62 Klicka h\u00e4r f\u00f6r att se kv\u00e4llens meny! Vi f\u00f6rmedlar din bokning vidare till restaurangen.Beh\u00f6ver du avboka? Kontakta oss p\u00e5 info@bodenbusinesspark.se. Vi ser fram [&hellip;]","og_url":"https:\/\/bodenbusinesspark.com\/event\/anmalan-middag-pa-m-s-branna\/","og_site_name":"Boden Business Park","article_publisher":"https:\/\/www.facebook.com\/bodenbusinesspark","article_modified_time":"2024-08-22T08:53:45+00:00","og_image":[{"width":1200,"height":800,"url":"https:\/\/bodenbusinesspark.com\/wp-content\/uploads\/2022\/11\/hyr-lokal.webp","type":"image\/webp"}],"twitter_card":"summary_large_image","twitter_misc":{"Est. reading time":"1 minute"},"schema":{"@context":"https:\/\/schema.org","@graph":[{"@type":"WebPage","@id":"https:\/\/bodenbusinesspark.com\/event\/anmalan-middag-pa-m-s-branna\/","url":"https:\/\/bodenbusinesspark.com\/event\/anmalan-middag-pa-m-s-branna\/","name":"Anm\u00e4lan: Middag p\u00e5 M\/S Br\u00e4nna - Boden Business Park","isPartOf":{"@id":"https:\/\/bodenbusinesspark.com\/#website"},"datePublished":"2024-06-28T07:28:47+00:00","dateModified":"2024-08-22T08:53:45+00:00","breadcrumb":{"@id":"https:\/\/bodenbusinesspark.com\/event\/anmalan-middag-pa-m-s-branna\/#breadcrumb"},"inLanguage":"en-US","potentialAction":[{"@type":"ReadAction","target":["https:\/\/bodenbusinesspark.com\/event\/anmalan-middag-pa-m-s-branna\/"]}]},{"@type":"BreadcrumbList","@id":"https:\/\/bodenbusinesspark.com\/event\/anmalan-middag-pa-m-s-branna\/#breadcrumb","itemListElement":[{"@type":"ListItem","position":1,"name":"Events","item":"https:\/\/bodenbusinesspark.com\/en\/event\/"},{"@type":"ListItem","position":2,"name":"Anm\u00e4lan: Middag p\u00e5 M\/S Br\u00e4nna"}]},{"@type":"WebSite","@id":"https:\/\/bodenbusinesspark.com\/#website","url":"https:\/\/bodenbusinesspark.com\/","name":"Boden Business Park","description":"Vi \u00e4r m\u00f6jligg\u00f6rare","publisher":{"@id":"https:\/\/bodenbusinesspark.com\/#organization"},"potentialAction":[{"@type":"SearchAction","target":{"@type":"EntryPoint","urlTemplate":"https:\/\/bodenbusinesspark.com\/?s={search_term_string}"},"query-input":{"@type":"PropertyValueSpecification","valueRequired":true,"valueName":"search_term_string"}}],"inLanguage":"en-US"},{"@type":"Organization","@id":"https:\/\/bodenbusinesspark.com\/#organization","name":"Boden Business Park","url":"https:\/\/bodenbusinesspark.com\/","logo":{"@type":"ImageObject","inLanguage":"en-US","@id":"https:\/\/bodenbusinesspark.com\/#\/schema\/logo\/image\/","url":"https:\/\/bodenbusinesspark.com\/wp-content\/uploads\/2022\/10\/bbp.png","contentUrl":"https:\/\/bodenbusinesspark.com\/wp-content\/uploads\/2022\/10\/bbp.png","width":354,"height":136,"caption":"Boden Business Park"},"image":{"@id":"https:\/\/bodenbusinesspark.com\/#\/schema\/logo\/image\/"},"sameAs":["https:\/\/www.facebook.com\/bodenbusinesspark","https:\/\/www.linkedin.com\/company\/boden-business-park\/"]}]}},"ticketed":false,"_links":{"self":[{"href":"https:\/\/bodenbusinesspark.com\/en\/wp-json\/wp\/v2\/tribe_events\/38892","targetHints":{"allow":["GET"]}}],"collection":[{"href":"https:\/\/bodenbusinesspark.com\/en\/wp-json\/wp\/v2\/tribe_events"}],"about":[{"href":"https:\/\/bodenbusinesspark.com\/en\/wp-json\/wp\/v2\/types\/tribe_events"}],"author":[{"embeddable":true,"href":"https:\/\/bodenbusinesspark.com\/en\/wp-json\/wp\/v2\/users\/2"}],"version-history":[{"count":9,"href":"https:\/\/bodenbusinesspark.com\/en\/wp-json\/wp\/v2\/tribe_events\/38892\/revisions"}],"predecessor-version":[{"id":38931,"href":"https:\/\/bodenbusinesspark.com\/en\/wp-json\/wp\/v2\/tribe_events\/38892\/revisions\/38931"}],"wp:attachment":[{"href":"https:\/\/bodenbusinesspark.com\/en\/wp-json\/wp\/v2\/media?parent=38892"}],"wp:term":[{"taxonomy":"post_tag","embeddable":true,"href":"https:\/\/bodenbusinesspark.com\/en\/wp-json\/wp\/v2\/tags?post=38892"},{"taxonomy":"tribe_events_cat","embeddable":true,"href":"https:\/\/bodenbusinesspark.com\/en\/wp-json\/wp\/v2\/tribe_events_cat?post=38892"}],"curies":[{"name":"wp","href":"https:\/\/api.w.org\/{rel}","templated":true}]}}